{"version":"1.0","type":"rich","provider_name":"Le Relais de Broc\u00e9liande","provider_url":"https:\/\/relais-de-broceliande.fr","title":"Balade brame du cerf en Broc\u00e9liande","author_name":"Le Relais de Broc\u00e9liande","width":"1280","height":"720","url":"https:\/\/relais-de-broceliande.fr\/fr\/balade-brame-du-cerf-en-broceliande","html":"\u003Ch4 class='title'\u003E\u003Ca href='https:\/\/relais-de-broceliande.fr\/fr\/balade-brame-du-cerf-en-broceliande'\u003EBalade brame du cerf en Broc\u00e9liande\u003C\/a\u003E\u003C\/h4\u003E\u003Cblockquote class='spip'\u003E\u003Cp\u003EUne balade aux aurores en Broc\u00e9liande, en petit groupe, \u00e0 la d\u00e9couverte du Cerf \u00e9laphe.\u003C\/p\u003E\n\u003Cdiv id=\"offre48\" class=\"card card-pricing card-no-border\"  itemprop=\"makesOffer\" itemscope itemtype=\"http:\/\/schema.org\/Offer\"\u003E \u003Cmeta itemprop=\"name\" content=\"S&#233;jour d&#233;couverte du Brame du Cerf\" \/\u003E\u003Cmeta itemprop=\"priceCurrency\" content=\"EUR\" \/\u003E\u003Cmeta itemprop=\"price\" content=\"249\" \/\u003E\n\n\t\u003Cdiv class=\"card-body\"\u003E\n\n\t\t\u003Cp class=\"card-text bg-primary\"\u003E\u003Csmall class=\"text-muted\"\u003E2 jours \/ 1 nuit\u003C\/small\u003E\u003Cbr\u003E\u003Cspan class=\"card-pricing-price\"\u003E 249\u20ac\u003C\/span\u003E \u003Csmall\u003E\/ 2 pers.\u003C\/small\u003E\u003C\/p\u003E\n\t\u003C\/div\u003E\n\n\u003C\/div\u003E\u003C\/blockquote\u003E\n"}